{"id":13782,"date":"2023-03-07T20:31:45","date_gmt":"2023-03-23T02:27:21","guid":{"rendered":"https:\/\/www.whelkgoods.com\/?post_type=product&#038;p=13782"},"modified":"2024-05-31T16:12:41","modified_gmt":"2024-05-31T20:12:41","slug":"pochette-du-cycliste","status":"publish","type":"product","link":"https:\/\/whelkgoods.com\/fr\/produit\/pochette-du-cycliste\/","title":{"rendered":"Pochette recycl\u00e9e"},"content":{"rendered":"","protected":false},"excerpt":{"rendered":"<ul>\n<li>Fabriqu\u00e9e au Qu\u00e9bec, Canada<\/li>\n<li>R\u00e9sistante \u00e0 l&rsquo;eau pour prot\u00e9ger votre t\u00e9l\u00e9phone et d&rsquo;autres petits objets essentiels contre les intemp\u00e9ries<\/li>\n<li>Boucle pour attacher votre pochette \u00e0 un mousqueton<\/li>\n<li>Fabriqu\u00e9e avec des chambres \u00e0 air de v\u00e9lo recycl\u00e9es<\/li>\n<li>18,5 x 11 cm &#8211; compatible avec tous les iPhones jusqu&rsquo;\u00e0 l&rsquo;iPhone 15 Pro Max<\/li>\n<li>Fermeture \u00e0 glissi\u00e8re YKK n\u00b04<\/li>\n<li>Boucle de paracorde en nylon<\/li>\n<li>Doublure en nylon color\u00e9<\/li>\n<\/ul>\n<p>Nous utilisons des chambres \u00e0 air de v\u00e9lo pour rendre l&rsquo;ext\u00e9rieur de la pochette r\u00e9sistante \u00e0 l&rsquo;eau. L&rsquo;int\u00e9rieur est doubl\u00e9 d&rsquo;un tissu doux et l\u00e9ger pour lui donner une belle finition. Nous produisons ces pochettes en petits lots, en utilisant uniquement des chambres \u00e0 air crev\u00e9es que nous r\u00e9cup\u00e9rons aupr\u00e8s de magasins de v\u00e9los et de centres de r\u00e9paration locaux. Bien qu&rsquo;il s&rsquo;agisse d&rsquo;un processus laborieux, cela vaut la peine de savoir que nous contribuons \u00e0 r\u00e9duire nos d\u00e9chets et \u00e0 lutter contre le changement climatique.<\/p>\n","protected":false},"featured_media":13781,"template":"","meta":[],"product_cat":[244,224,199],"product_tag":[],"class_list":{"0":"post-13782","1":"product","2":"type-product","3":"status-publish","4":"has-post-thumbnail","6":"product_cat-fabrique-au-canada","7":"product_cat-autres-produits","8":"product_cat-collection-recap","10":"first","11":"instock","12":"taxable","13":"shipping-taxable","14":"purchasable","15":"product-type-variable","16":"has-default-attributes"},"yoast_head":"<!-- This site is optimized with the Yoast SEO plugin v23.5 - https:\/\/yoast.com\/wordpress\/plugins\/seo\/ -->\n<title>Pochette recycl\u00e9e - Whelk | Marque qu\u00e9b\u00e9coise<\/title>\n<meta name=\"robots\" content=\"index, follow, max-snippet:-1, max-image-preview:large, max-video-preview:-1\" \/>\n<link rel=\"canonical\" href=\"https:\/\/whelkgoods.com\/fr\/produit\/pochette-du-cycliste\/\" \/>\n<meta property=\"og:locale\" content=\"fr_FR\" \/>\n<meta property=\"og:type\" content=\"article\" \/>\n<meta property=\"og:title\" content=\"Pochette recycl\u00e9e - Whelk | Marque qu\u00e9b\u00e9coise\" \/>\n<meta property=\"og:description\" content=\"Fabriqu\u00e9e au Qu\u00e9bec, Canada  R\u00e9sistante \u00e0 l&#039;eau pour prot\u00e9ger votre t\u00e9l\u00e9phone et d&#039;autres petits objets essentiels contre les intemp\u00e9ries  Boucle pour attacher votre pochette \u00e0 un mousqueton  Fabriqu\u00e9e avec des chambres \u00e0 air de v\u00e9lo recycl\u00e9es  18,5 x 11 cm - compatible avec tous les iPhones jusqu&#039;\u00e0 l&#039;iPhone 15 Pro Max  Fermeture \u00e0 glissi\u00e8re YKK n\u00b04  Boucle de paracorde en nylon  Doublure en nylon color\u00e9  Nous utilisons des chambres \u00e0 air de v\u00e9lo pour rendre l&#039;ext\u00e9rieur de la pochette r\u00e9sistante \u00e0 l&#039;eau. L&#039;int\u00e9rieur est doubl\u00e9 d&#039;un tissu doux et l\u00e9ger pour lui donner une belle finition. Nous produisons ces pochettes en petits lots, en utilisant uniquement des chambres \u00e0 air crev\u00e9es que nous r\u00e9cup\u00e9rons aupr\u00e8s de magasins de v\u00e9los et de centres de r\u00e9paration locaux. Bien qu&#039;il s&#039;agisse d&#039;un processus laborieux, cela vaut la peine de savoir que nous contribuons \u00e0 r\u00e9duire nos d\u00e9chets et \u00e0 lutter contre le changement climatique.\" \/>\n<meta property=\"og:url\" content=\"https:\/\/whelkgoods.com\/fr\/produit\/pochette-du-cycliste\/\" \/>\n<meta property=\"og:site_name\" content=\"Whelk | Marque qu\u00e9b\u00e9coise\" \/>\n<meta property=\"article:modified_time\" content=\"2024-05-31T20:12:41+00:00\" \/>\n<meta property=\"og:image\" content=\"https:\/\/whelkgoods.com\/wp-content\/uploads\/2023\/03\/Ride-Pouch-Main.png\" \/>\n\t<meta property=\"og:image:width\" content=\"1000\" \/>\n\t<meta property=\"og:image:height\" content=\"1000\" \/>\n\t<meta property=\"og:image:type\" content=\"image\/png\" \/>\n<meta name=\"twitter:card\" content=\"summary_large_image\" \/>\n<meta name=\"twitter:label1\" content=\"Dur\u00e9e de lecture estim\u00e9e\" \/>\n\t<meta name=\"twitter:data1\" content=\"1 minute\" \/>\n<script type=\"application\/ld+json\" class=\"yoast-schema-graph\">{\"@context\":\"https:\/\/schema.org\",\"@graph\":[{\"@type\":\"WebPage\",\"@id\":\"https:\/\/whelkgoods.com\/fr\/produit\/pochette-du-cycliste\/\",\"url\":\"https:\/\/whelkgoods.com\/fr\/produit\/pochette-du-cycliste\/\",\"name\":\"Pochette recycl\u00e9e - Whelk | Marque qu\u00e9b\u00e9coise\",\"isPartOf\":{\"@id\":\"https:\/\/whelkgoods.com\/fr\/#website\"},\"primaryImageOfPage\":{\"@id\":\"https:\/\/whelkgoods.com\/fr\/produit\/pochette-du-cycliste\/#primaryimage\"},\"image\":{\"@id\":\"https:\/\/whelkgoods.com\/fr\/produit\/pochette-du-cycliste\/#primaryimage\"},\"thumbnailUrl\":\"https:\/\/whelkgoods.com\/wp-content\/uploads\/2023\/03\/Ride-Pouch-Main.png\",\"datePublished\":\"2023-03-23T02:27:21+00:00\",\"dateModified\":\"2024-05-31T20:12:41+00:00\",\"breadcrumb\":{\"@id\":\"https:\/\/whelkgoods.com\/fr\/produit\/pochette-du-cycliste\/#breadcrumb\"},\"inLanguage\":\"fr-FR\",\"potentialAction\":[{\"@type\":\"ReadAction\",\"target\":[\"https:\/\/whelkgoods.com\/fr\/produit\/pochette-du-cycliste\/\"]}]},{\"@type\":\"ImageObject\",\"inLanguage\":\"fr-FR\",\"@id\":\"https:\/\/whelkgoods.com\/fr\/produit\/pochette-du-cycliste\/#primaryimage\",\"url\":\"https:\/\/whelkgoods.com\/wp-content\/uploads\/2023\/03\/Ride-Pouch-Main.png\",\"contentUrl\":\"https:\/\/whelkgoods.com\/wp-content\/uploads\/2023\/03\/Ride-Pouch-Main.png\",\"width\":1000,\"height\":1000},{\"@type\":\"BreadcrumbList\",\"@id\":\"https:\/\/whelkgoods.com\/fr\/produit\/pochette-du-cycliste\/#breadcrumb\",\"itemListElement\":[{\"@type\":\"ListItem\",\"position\":1,\"name\":\"Home\",\"item\":\"https:\/\/whelkgoods.com\/fr\/accueil\/\"},{\"@type\":\"ListItem\",\"position\":2,\"name\":\"Boutique de casquettes et tuques \u00e9cologiques\",\"item\":\"https:\/\/whelkgoods.com\/fr\/boutique\/\"},{\"@type\":\"ListItem\",\"position\":3,\"name\":\"Pochette recycl\u00e9e\"}]},{\"@type\":\"WebSite\",\"@id\":\"https:\/\/whelkgoods.com\/fr\/#website\",\"url\":\"https:\/\/whelkgoods.com\/fr\/\",\"name\":\"Whelk | Marque qu\u00e9b\u00e9coise\",\"description\":\"Casquettes et tuques \u00e9coresponsables\",\"publisher\":{\"@id\":\"https:\/\/whelkgoods.com\/fr\/#organization\"},\"potentialAction\":[{\"@type\":\"SearchAction\",\"target\":{\"@type\":\"EntryPoint\",\"urlTemplate\":\"https:\/\/whelkgoods.com\/fr\/?s={search_term_string}\"},\"query-input\":{\"@type\":\"PropertyValueSpecification\",\"valueRequired\":true,\"valueName\":\"search_term_string\"}}],\"inLanguage\":\"fr-FR\"},{\"@type\":\"Organization\",\"@id\":\"https:\/\/whelkgoods.com\/fr\/#organization\",\"name\":\"Whelk | Marque qu\u00e9b\u00e9coise\",\"url\":\"https:\/\/whelkgoods.com\/fr\/\",\"logo\":{\"@type\":\"ImageObject\",\"inLanguage\":\"fr-FR\",\"@id\":\"https:\/\/whelkgoods.com\/fr\/#\/schema\/logo\/image\/\",\"url\":\"https:\/\/whelkgoods.com\/wp-content\/uploads\/2023\/08\/Whelk-Goods-Logo.png\",\"contentUrl\":\"https:\/\/whelkgoods.com\/wp-content\/uploads\/2023\/08\/Whelk-Goods-Logo.png\",\"width\":750,\"height\":253,\"caption\":\"Whelk | Marque qu\u00e9b\u00e9coise\"},\"image\":{\"@id\":\"https:\/\/whelkgoods.com\/fr\/#\/schema\/logo\/image\/\"}}]}<\/script>\n<!-- \/ Yoast SEO plugin. -->","yoast_head_json":{"title":"Pochette recycl\u00e9e - Whelk | Marque qu\u00e9b\u00e9coise","robots":{"index":"index","follow":"follow","max-snippet":"max-snippet:-1","max-image-preview":"max-image-preview:large","max-video-preview":"max-video-preview:-1"},"canonical":"https:\/\/whelkgoods.com\/fr\/produit\/pochette-du-cycliste\/","og_locale":"fr_FR","og_type":"article","og_title":"Pochette recycl\u00e9e - Whelk | Marque qu\u00e9b\u00e9coise","og_description":"Fabriqu\u00e9e au Qu\u00e9bec, Canada  R\u00e9sistante \u00e0 l'eau pour prot\u00e9ger votre t\u00e9l\u00e9phone et d'autres petits objets essentiels contre les intemp\u00e9ries  Boucle pour attacher votre pochette \u00e0 un mousqueton  Fabriqu\u00e9e avec des chambres \u00e0 air de v\u00e9lo recycl\u00e9es  18,5 x 11 cm - compatible avec tous les iPhones jusqu'\u00e0 l'iPhone 15 Pro Max  Fermeture \u00e0 glissi\u00e8re YKK n\u00b04  Boucle de paracorde en nylon  Doublure en nylon color\u00e9  Nous utilisons des chambres \u00e0 air de v\u00e9lo pour rendre l'ext\u00e9rieur de la pochette r\u00e9sistante \u00e0 l'eau. L'int\u00e9rieur est doubl\u00e9 d'un tissu doux et l\u00e9ger pour lui donner une belle finition. Nous produisons ces pochettes en petits lots, en utilisant uniquement des chambres \u00e0 air crev\u00e9es que nous r\u00e9cup\u00e9rons aupr\u00e8s de magasins de v\u00e9los et de centres de r\u00e9paration locaux. Bien qu'il s'agisse d'un processus laborieux, cela vaut la peine de savoir que nous contribuons \u00e0 r\u00e9duire nos d\u00e9chets et \u00e0 lutter contre le changement climatique.","og_url":"https:\/\/whelkgoods.com\/fr\/produit\/pochette-du-cycliste\/","og_site_name":"Whelk | Marque qu\u00e9b\u00e9coise","article_modified_time":"2024-05-31T20:12:41+00:00","og_image":[{"width":1000,"height":1000,"url":"https:\/\/whelkgoods.com\/wp-content\/uploads\/2023\/03\/Ride-Pouch-Main.png","type":"image\/png"}],"twitter_card":"summary_large_image","twitter_misc":{"Dur\u00e9e de lecture estim\u00e9e":"1 minute"},"schema":{"@context":"https:\/\/schema.org","@graph":[{"@type":"WebPage","@id":"https:\/\/whelkgoods.com\/fr\/produit\/pochette-du-cycliste\/","url":"https:\/\/whelkgoods.com\/fr\/produit\/pochette-du-cycliste\/","name":"Pochette recycl\u00e9e - Whelk | Marque qu\u00e9b\u00e9coise","isPartOf":{"@id":"https:\/\/whelkgoods.com\/fr\/#website"},"primaryImageOfPage":{"@id":"https:\/\/whelkgoods.com\/fr\/produit\/pochette-du-cycliste\/#primaryimage"},"image":{"@id":"https:\/\/whelkgoods.com\/fr\/produit\/pochette-du-cycliste\/#primaryimage"},"thumbnailUrl":"https:\/\/whelkgoods.com\/wp-content\/uploads\/2023\/03\/Ride-Pouch-Main.png","datePublished":"2023-03-23T02:27:21+00:00","dateModified":"2024-05-31T20:12:41+00:00","breadcrumb":{"@id":"https:\/\/whelkgoods.com\/fr\/produit\/pochette-du-cycliste\/#breadcrumb"},"inLanguage":"fr-FR","potentialAction":[{"@type":"ReadAction","target":["https:\/\/whelkgoods.com\/fr\/produit\/pochette-du-cycliste\/"]}]},{"@type":"ImageObject","inLanguage":"fr-FR","@id":"https:\/\/whelkgoods.com\/fr\/produit\/pochette-du-cycliste\/#primaryimage","url":"https:\/\/whelkgoods.com\/wp-content\/uploads\/2023\/03\/Ride-Pouch-Main.png","contentUrl":"https:\/\/whelkgoods.com\/wp-content\/uploads\/2023\/03\/Ride-Pouch-Main.png","width":1000,"height":1000},{"@type":"BreadcrumbList","@id":"https:\/\/whelkgoods.com\/fr\/produit\/pochette-du-cycliste\/#breadcrumb","itemListElement":[{"@type":"ListItem","position":1,"name":"Home","item":"https:\/\/whelkgoods.com\/fr\/accueil\/"},{"@type":"ListItem","position":2,"name":"Boutique de casquettes et tuques \u00e9cologiques","item":"https:\/\/whelkgoods.com\/fr\/boutique\/"},{"@type":"ListItem","position":3,"name":"Pochette recycl\u00e9e"}]},{"@type":"WebSite","@id":"https:\/\/whelkgoods.com\/fr\/#website","url":"https:\/\/whelkgoods.com\/fr\/","name":"Whelk | Marque qu\u00e9b\u00e9coise","description":"Casquettes et tuques \u00e9coresponsables","publisher":{"@id":"https:\/\/whelkgoods.com\/fr\/#organization"},"potentialAction":[{"@type":"SearchAction","target":{"@type":"EntryPoint","urlTemplate":"https:\/\/whelkgoods.com\/fr\/?s={search_term_string}"},"query-input":{"@type":"PropertyValueSpecification","valueRequired":true,"valueName":"search_term_string"}}],"inLanguage":"fr-FR"},{"@type":"Organization","@id":"https:\/\/whelkgoods.com\/fr\/#organization","name":"Whelk | Marque qu\u00e9b\u00e9coise","url":"https:\/\/whelkgoods.com\/fr\/","logo":{"@type":"ImageObject","inLanguage":"fr-FR","@id":"https:\/\/whelkgoods.com\/fr\/#\/schema\/logo\/image\/","url":"https:\/\/whelkgoods.com\/wp-content\/uploads\/2023\/08\/Whelk-Goods-Logo.png","contentUrl":"https:\/\/whelkgoods.com\/wp-content\/uploads\/2023\/08\/Whelk-Goods-Logo.png","width":750,"height":253,"caption":"Whelk | Marque qu\u00e9b\u00e9coise"},"image":{"@id":"https:\/\/whelkgoods.com\/fr\/#\/schema\/logo\/image\/"}}]}},"_links":{"self":[{"href":"https:\/\/whelkgoods.com\/fr\/wp-json\/wp\/v2\/product\/13782"}],"collection":[{"href":"https:\/\/whelkgoods.com\/fr\/wp-json\/wp\/v2\/product"}],"about":[{"href":"https:\/\/whelkgoods.com\/fr\/wp-json\/wp\/v2\/types\/product"}],"wp:featuredmedia":[{"embeddable":true,"href":"https:\/\/whelkgoods.com\/fr\/wp-json\/wp\/v2\/media\/13781"}],"wp:attachment":[{"href":"https:\/\/whelkgoods.com\/fr\/wp-json\/wp\/v2\/media?parent=13782"}],"wp:term":[{"taxonomy":"product_cat","embeddable":true,"href":"https:\/\/whelkgoods.com\/fr\/wp-json\/wp\/v2\/product_cat?post=13782"},{"taxonomy":"product_tag","embeddable":true,"href":"https:\/\/whelkgoods.com\/fr\/wp-json\/wp\/v2\/product_tag?post=13782"}],"curies":[{"name":"wp","href":"https:\/\/api.w.org\/{rel}","templated":true}]}}